{"id":3711,"date":"2020-11-20T14:34:53","date_gmt":"2020-11-20T14:34:53","guid":{"rendered":"https:\/\/rekawiczka24.pl\/szabalyzat\/"},"modified":"2020-11-24T09:41:38","modified_gmt":"2020-11-24T09:41:38","slug":"szabalyzat","status":"publish","type":"page","link":"https:\/\/rekawiczka24.pl\/hu\/szabalyzat\/","title":{"rendered":"Szab\u00e1lyzat"},"content":{"rendered":"&#13;\n<p><strong>Internetes bolt szab\u00e1lyzata\n        <br\/><\/strong><\/p>&#13;&#13;\n<p class=\"has-text-align-center\"><strong>1.\u00a7\n        <br\/>Bevezet\u0151 rendelkez\u00e9sek\n        <\/strong><\/p>&#13;&#13;\n<ol class=\"wp-block-list\"><li>Az ugyanezen az internetes c\u00edmen el\u00e9rhet\u0151 rekawiczka24.pl internetes boltot\n        <\/li>&#13;\n<li>a Iamelectric Sp.\n         z o.o. vezeti, sz\u00e9khelye: Domaszczyn, ul.\n         Wroc\u0142awska 65, Lengyelorsz\u00e1g\n        <\/li>&#13;\n<li>NIP (ad\u00f3sz\u00e1m): 896-156-55-69 REGON (stat. azon.): 367615763, KRS (c\u00e9gjegyz\u00e9ksz\u00e1m): 0000683698.\n        <\/li>&#13;\n<li>A jelen Szab\u00e1lyzat vonatkozik mind a boltot ig\u00e9nybe vev\u0151 Fogyaszt\u00f3kra, mind a V\u00e1llalkoz\u00f3kra,\n        <\/li>&#13;\n<li>\u00e9s meghat\u00e1rozza az internetes Bolt haszn\u00e1lat\u00e1nak a szab\u00e1lyait, tov\u00e1bb\u00e1 az \u00dcgyf\u00e9llel a Bolt \u00e1ltal t\u00e1volb\u00f3l k\u00f6tend\u0151\n        <\/li>&#13;\n<li>T\u00e1v\u00e9rt\u00e9kes\u00edt\u00e9si Szerz\u0151d\u00e9sek megk\u00f6t\u00e9s\u00e9nek a szab\u00e1lyait \u00e9s m\u00f3dj\u00e1t.\n        <\/li>&#13;\n<\/ol>&#13;\n<p class=\"has-text-align-center\"><strong>2. \u00a7\n        <br\/>Meghat\u00e1roz\u00e1sok\n        <\/strong><\/p>&#13;&#13;\n<ol class=\"wp-block-list\"><li>Fogyaszt\u00f3 &#8211; term\u00e9szetes szem\u00e9ly, aki az elad\u00f3val olyan szerz\u0151d\u00e9st k\u00f6t a Bolt keretei k\u00f6z\u00f6tt,\n        <br\/>amelynek a t\u00e1rgya nem kapcsol\u00f3dik k\u00f6zvetlen\u00fcl gazdas\u00e1gi vagy szakmai tev\u00e9kenys\u00e9g\u00e9hez.\n        <\/li>&#13;\n<li>Elad\u00f3 \u2013 Iamelectric Sp.\n         z o.o., sz\u00e9khelye: Domaszczyn, ul.\n         Wroc\u0142awska 65,\n        <br\/>ir\u00e1ny\u00edt\u00f3sz\u00e1m: 55-095, NIP: 896-156-55-69 REGON: 367615763, KRS: 0000683698.\n         Lengyelorsz\u00e1g\n        <\/li>&#13;\n<li>\u00dcgyf\u00e9l &#8211; minden olyan alany, aki v\u00e1s\u00e1rl\u00e1st v\u00e9gez a Bolt k\u00f6zvet\u00edt\u00e9s\u00e9vel.\n        <\/li>&#13;\n<li>V\u00e1llalkoz\u00f3 &#8211; term\u00e9szetes vagy jogi szem\u00e9ly, vagy jogi szem\u00e9lyis\u00e9ggel nem rendelkez\u0151 szervezeti egys\u00e9g,\n        <br\/>akinek a jogk\u00e9pess\u00e9g\u00e9t k\u00fcl\u00f6n t\u00f6rv\u00e9ny biztos\u00edtja, \u00e9s aki a saj\u00e1t nev\u00e9n v\u00e9gez gazdas\u00e1gi tev\u00e9kenys\u00e9get,\n        <br\/>\u00e9s ig\u00e9nybe veszi a Boltot.\n        <\/li>&#13;\n<li>Bolt &#8211; az Elad\u00f3 \u00e1ltal a rekawiczka24.pl internetes c\u00edm alatt vezetett\n        <br\/>internetes bolt.\n        <\/li>&#13;\n<li>T\u00e1v\u00e9rt\u00e9kes\u00edt\u00e9si Szerz\u0151d\u00e9s &#8211; az \u00dcgyf\u00e9llel szervezett t\u00e1v\u00e9rt\u00e9kes\u00edt\u00e9si szerz\u0151d\u00e9sk\u00f6t\u00e9si rendszer\n        <br\/>keret\u00e9ben (a Bolt keret\u00e9ben), a felek egyidej\u0171 fizikai jelenl\u00e9te n\u00e9lk\u00fcl,\n        <br\/>egy vagy t\u00f6bb t\u00e1vk\u00f6zl\u0151 eszk\u00f6z kiz\u00e1r\u00f3lagos haszn\u00e1lat\u00e1val megk\u00f6t\u00f6tt szerz\u0151d\u00e9s,\n        <br\/>a szerz\u0151d\u00e9sk\u00f6t\u00e9s pillanat\u00e1ig bez\u00e1r\u00f3an.\n        <\/li>&#13;\n<li>Szab\u00e1lyzat &#8211; a Bolt jelen szab\u00e1lyzata.\n        <\/li>&#13;\n<li>Megrendel\u00e9s &#8211; az \u00dcgyf\u00e9l sz\u00e1nd\u00e9knyilatkozata, amelyet a Megrendel\u00e9si formanyomtatv\u00e1ny seg\u00edts\u00e9g\u00e9vel tett, \u00e9s\n        <br\/>amelynek k\u00f6zvetlen c\u00e9lja az \u00e9rt\u00e9kes\u00edt\u00e9si Szerz\u0151d\u00e9s megk\u00f6t\u00e9se az Elad\u00f3val a term\u00e9kre vagy term\u00e9kekre.\n        <\/li>&#13;\n<li>Fi\u00f3k &#8211; az \u00fcgyf\u00e9l fi\u00f3kja a Boltban, ebben gy\u0171jtj\u00fck az \u00dcgyf\u00e9l \u00e1ltal megadott adatokat\n        <br\/>\u00e9s a bolti Megrendel\u00e9sekben \u00e1ltala ny\u00fajtott inform\u00e1ci\u00f3kat.\n        <\/li>&#13;\n<li>Regisztr\u00e1ci\u00f3s formanyomtatv\u00e1ny &#8211; a Boltban el\u00e9rhet\u0151 nyomtatv\u00e1ny, amely lehet\u0151v\u00e9 teszi a Fi\u00f3k l\u00e9trehoz\u00e1s\u00e1t.\n        <\/li>&#13;\n<li>Megrendel\u00e9si formanyomtatv\u00e1ny &#8211; a Boltban el\u00e9rhet\u0151 interakt\u00edv nyomtatv\u00e1ny, amely lehet\u0151v\u00e9 teszi\n        <br\/>Megrendel\u00e9s beny\u00fajt\u00e1s\u00e1t, t\u00f6bbek k\u00f6z\u00f6tt a Term\u00e9kek behelyez\u00e9s\u00e9vel a Kos\u00e1rba, \u00e9s az \u00c9rt\u00e9kes\u00edt\u00e9si\n        <br\/>Szerz\u0151d\u00e9s felt\u00e9teleinek a meghat\u00e1roz\u00e1s\u00e1val, bele\u00e9rtve a sz\u00e1ll\u00edt\u00e1s \u00e9s a fizet\u00e9s m\u00f3dj\u00e1t.\n        <\/li>&#13;\n<li>Kos\u00e1r \u2013 a Bolt szoftvereleme, amelyben l\u00e1that\u00f3ak az \u00dcgyf\u00e9l \u00e1ltal megv\u00e1s\u00e1rl\u00e1sra kiv\u00e1lasztott Term\u00e9kek,\n        <br\/>tov\u00e1bb\u00e1 lehet\u0151s\u00e9g van a Megrendel\u00e9s adatainak &#8211; bele\u00e9rtve a term\u00e9kek mennyis\u00e9g\u00e9t &#8211;\n        <br\/>a r\u00f6gz\u00edt\u00e9s\u00e9re \u00e9s m\u00f3dos\u00edt\u00e1s\u00e1ra.\n        <\/li>&#13;\n<li>Term\u00e9k &#8211; a Boltban megv\u00e1s\u00e1rolhat\u00f3 ing\u00f3s\u00e1gok\/szolg\u00e1ltat\u00e1sok, amelyek az \u00dcgyf\u00e9l \u00e9s az\n        <br\/>Elad\u00f3 k\u00f6z\u00f6tti \u00c9rt\u00e9kes\u00edt\u00e9si Szerz\u0151d\u00e9s t\u00e1rgy\u00e1t k\u00e9pezik.\n        <\/li>&#13;\n<li>\u00c9rt\u00e9kes\u00edt\u00e9si Szerz\u0151d\u00e9s &#8211; a Term\u00e9k \u00e9rt\u00e9kes\u00edt\u00e9si szerz\u0151d\u00e9se, amely az \u00dcgyf\u00e9l \u00e9s az Elad\u00f3 k\u00f6z\u00f6tt\n        <br\/>k\u00f6ttetik\/ett meg az internetes Bolt k\u00f6zvet\u00edt\u00e9s\u00e9vel.\n        <\/li>&#13;\n<\/ol>&#13;\n<p class=\"has-text-align-center\"><strong>3. \u00a7\n        <br\/>Kapcsolat a Bolttal\n        <\/strong><\/p>&#13;&#13;\n<ol class=\"wp-block-list\"><li>Elad\u00f3 e-mail c\u00edme: sklep@rekawiczka24.pl\n        <\/li>&#13;\n<li>Elad\u00f3 telefonsz\u00e1ma: +48 782-408-135.\n        <\/li>&#13;\n<li>Az \u00dcgyf\u00e9l a jelen paragrafusban megadott c\u00edmek \u00e9s telefonsz\u00e1mok seg\u00edts\u00e9g\u00e9vel tud az Elad\u00f3val\n        <br\/>kommunik\u00e1lni.\n        <\/li>&#13;\n<li>Az \u00dcgyf\u00e9l 9-17 \u00f3ra k\u00f6z\u00f6tt h\u00edvhatja telefonon az Elad\u00f3t.\n        <\/li>&#13;\n<\/ol>&#13;\n<p class=\"has-text-align-center\"><strong>4. \u00a7\n        <br\/>M\u0171szaki k\u00f6vetelm\u00e9nyek\n        <\/strong><\/p>&#13;&#13;\n<ol class=\"wp-block-list\"><li>A Bolt ig\u00e9nybe v\u00e9tel\u00e9hez, bele\u00e9rtve a k\u00edn\u00e1lat megtekint\u00e9s\u00e9t \u00e9s rendel\u00e9sek felad\u00e1s\u00e1t a Term\u00e9kre,\n        <br\/>az al\u00e1bbiakra van sz\u00fcks\u00e9g:\n        <br\/>a.\n         internet-el\u00e9rhet\u0151s\u00e9ggel \u00e9s internetes b\u00f6ng\u00e9sz\u0151vel rendelkez\u0151 v\u00e9gberendez\u00e9s\n        <br\/>b.\n         akt\u00edv elektronikus postafi\u00f3k (e-mail),\n        <br\/>c.\n         bekapcsolt kezel\u0151 cookie f\u00e1jlokhoz\n        <\/li>&#13;\n<\/ol>&#13;\n<p class=\"has-text-align-center\"><strong>5. \u00a7\n        <br\/>\u00c1ltal\u00e1nos tudnival\u00f3k\n        <\/strong><\/p>&#13;&#13;\n<ol class=\"wp-block-list\"><li>Az Elad\u00f3 a jog \u00e1ltal megengedett legsz\u00e9lesebb m\u00e9rt\u00e9kben nem visel felel\u0151ss\u00e9get\n        <br\/>a Bolt m\u0171k\u00f6d\u00e9s\u00e9ben vis maior \u00e1ltal okozott zavarok\u00e9rt \u00e9s sz\u00fcnetek\u00e9rt,\n        <br\/>harmadik szem\u00e9lyek tiltott tev\u00e9kenys\u00e9g\u00e9\u00e9rt vagy az\u00e9rt, hogy az internetes Bolt nem kompatibilis\n        <br\/>az \u00dcgyf\u00e9l m\u0171szaki infrastrukt\u00far\u00e1j\u00e1val.\n        <\/li>&#13;\n<li>A Bolt k\u00edn\u00e1lat\u00e1nak megtekint\u00e9s\u00e9hez  nincs sz\u00fcks\u00e9g Fi\u00f3k l\u00e9tes\u00edt\u00e9s\u00e9re.\n         Az \u00dcgyf\u00e9l akkor rendelheti meg a\n        <br\/>a Bolt k\u00edn\u00e1lat\u00e1ban szerepl\u0151 Term\u00e9keket, ha m\u00e1r a Szab\u00e1lyzat 6. \u00a7-a szerint l\u00e9tes\u00edtett Fi\u00f3kot,\n        <br\/>vagy akkor, ha megadja azokat a sz\u00fcks\u00e9ges szem\u00e9lyes \u00e9s c\u00edmadatokat,\n        <br\/>amelyek lehet\u0151v\u00e9 teszik a Megrendel\u00e9s teljes\u00edt\u00e9s\u00e9t Fi\u00f3k l\u00e9trehoz\u00e1sa n\u00e9lk\u00fcl.\n        <\/li>&#13;\n<li>A Boltban megadott \u00e1rak brutt\u00f3 (\u00e1f\u00e1t tartalmaz\u00f3) \u00e1rak.\n         Ha a tranzakci\u00f3 az Eur\u00f3pai Uni\u00f3ban megy v\u00e9gbe, lehet\u0151s\u00e9g van ig\u00e9nybe venni az \u00e1fa al\u00f3li felment\u00e9st azon c\u00e9gek sz\u00e1m\u00e1ra, amelyek akt\u00edv \u00e1f\u00e1s alanyok a VIES rendszerben (https:\/\/ec.europa.eu\/).\n        <\/li>&#13;\n<li>Az \u00dcgyf\u00e9l \u00e1ltal fizetend\u0151 v\u00e9g\u00f6sszeg a Term\u00e9k \u00e1r\u00e1b\u00f3l \u00e9s\n        <br\/>a lesz\u00e1ll\u00edt\u00e1s k\u00f6lts\u00e9g\u00e9b\u0151l (sz\u00e1ll\u00edt\u00e1s, kisz\u00e1ll\u00edt\u00e1s \u00e9s postai szolg\u00e1ltat\u00e1sok d\u00edja),\n        <br\/>amelyekr\u0151l a Bolt weboldala t\u00e1j\u00e9koztatja az \u00dcgyfelet a Megrendel\u00e9s felad\u00e1sakor, k\u00f6zt\u00fck akkor is, amikor kifejezi\n        <br\/>sz\u00e1nd\u00e9k\u00e1t az \u00c9rt\u00e9kes\u00edt\u00e9si Szerz\u0151d\u00e9s megk\u00f6t\u00e9s\u00e9re.\n        <\/li>&#13;\n<\/ol>&#13;\n<p class=\"has-text-align-center\"><strong>6. \u00a7\n        <br\/>Fi\u00f3k l\u00e9trehoz\u00e1sa a Boltban\n        <\/strong><\/p>&#13;&#13;\n<ol class=\"wp-block-list\"><li>A bolti Fi\u00f3k l\u00e9trehoz\u00e1s\u00e1hoz ki kell t\u00f6lteni a Regisztr\u00e1ci\u00f3s nyomtatv\u00e1nyt.\n        <\/li>&#13;\n<li>A bolti Fi\u00f3k l\u00e9trehoz\u00e1sa ingyenes.\n        <\/li>&#13;\n<li>A Fi\u00f3kba val\u00f3 bel\u00e9p\u00e9s a Regisztr\u00e1ci\u00f3s nyomtatv\u00e1nyon be\u00e1ll\u00edtott login \u00e9s jelsz\u00f3\n        <br\/>megad\u00e1s\u00e1val t\u00f6rt\u00e9nik.\n        <\/li>&#13;\n<li>Az \u00dcgyf\u00e9l b\u00e1rmikor, okok megad\u00e1sa \u00e9s b\u00e1rmif\u00e9le d\u00edj felsz\u00e1m\u00edt\u00e1sa n\u00e9lk\u00fcl megsz\u00fcntetheti a Fi\u00f3kj\u00e1t,\n        <br\/>ha elk\u00fcldi az Elad\u00f3nak a megfelel\u0151 k\u00e9r\u00e9st, p\u00e9ld\u00e1ul\n        <br\/>a 3. \u00a7-ban megadott e-mail c\u00edmre.\n        <\/li>&#13;\n<\/ol>&#13;\n<p class=\"has-text-align-center\"><strong>7. \u00a7\n        <br\/>Megrendel\u00e9s beny\u00fajt\u00e1s\u00e1nak a szab\u00e1lyai\n        <\/strong><\/p>&#13;&#13;\n<p>Megrendel\u00e9s beny\u00fajt\u00e1sa c\u00e9lj\u00e1b\u00f3l:\n        <\/p>&#13;&#13;\n<ol class=\"wp-block-list\"><li>be kell jelentkezni a Boltba (opcion\u00e1lisan) ;\n        <\/li>&#13;\n<li>ki kell v\u00e1lasztani a Megrendel\u00e9s t\u00e1rgy\u00e1t k\u00e9pez\u0151 Term\u00e9ket, majd meg kell nyomni a \u201eKos\u00e1rba\u201c gombot;\n        <\/li>&#13;\n<li>be kell jelentkezni, vagy ig\u00e9nybe kell venni a regisztr\u00e1ci\u00f3 n\u00e9lk\u00fcli megrendel\u00e9s lehet\u0151s\u00e9g\u00e9t;\n        <\/li>&#13;\n<li>a regisztr\u00e1ci\u00f3 n\u00e9lk\u00fcli megrendel\u00e9s opci\u00f3 v\u00e1laszt\u00e1sa eset\u00e9n ki kell t\u00f6lteni a Megrendel\u00e9si nyomtatv\u00e1nyt, \u00e9s be\u00edrni\n        <br\/>az \u00e1tvev\u0151 adatait \u00e9s azt a c\u00edmet, ahov\u00e1 a Term\u00e9k kisz\u00e1ll\u00edt\u00e1s\u00e1t k\u00e9ri, ki kell v\u00e1lasztani a k\u00fcldem\u00e9ny\n        <br\/>fajt\u00e1j\u00e1t (a kisz\u00e1ll\u00edt\u00e1s m\u00f3dj\u00e1t), be kell \u00edrni a sz\u00e1mlaadatokat, ha azok elt\u00e9rnek\n        <br\/>a Megrendel\u00e9s \u00e1tvev\u0151j\u00e9nek az adatait\u00f3l, majd\n        <\/li>&#13;\n<li>klikkelni kell a \u201eMegrendelem \u00e9s fizetek\u201c gombra,\n        <\/li>&#13;\n<li>ki kell v\u00e1lasztani az egyik el\u00e9rhet\u0151 fizet\u00e9si m\u00f3dot, \u00e9s att\u00f3l f\u00fcgg\u0151en adott hat\u00e1rid\u0151re\n        <br\/>kifizetni a megrendel\u00e9st, a 8. \u00a7 3. pont kik\u00f6t\u00e9s\u00e9nek figyelembe v\u00e9tel\u00e9vel.\n        <\/li>&#13;\n<\/ol>&#13;\n<p class=\"has-text-align-center\"><strong>8. \u00a7\n        <br\/>Felk\u00edn\u00e1lt sz\u00e1ll\u00edt\u00e1si \u00e9s fizet\u00e9si m\u00f3dok\n        <\/strong><\/p>&#13;&#13;\n<ol class=\"wp-block-list\"><li>Az \u00dcgyf\u00e9l az al\u00e1bbi sz\u00e1ll\u00edt\u00e1si m\u00f3dok k\u00f6z\u00fcl v\u00e1laszthat:\n        <br\/>a.\n         Fut\u00e1rposta\n        <br\/>b.\n         Fut\u00e1rposta ut\u00e1nv\u00e9ttel (csak lengyelorsz\u00e1gi \u00fcgyfelek sz\u00e1m\u00e1ra)\n        <\/li>&#13;\n<li>Az \u00dcgyf\u00e9l az al\u00e1bbi fizet\u00e9si m\u00f3dok k\u00f6z\u00fcl v\u00e1laszthat:\n        <br\/>a.\n         Fizet\u00e9s ut\u00e1nv\u00e9ttel (csak lengyel \u00fcgyfelek sz\u00e1m\u00e1ra)\n        <br\/>b.\n         Fizet\u00e9s \u00e1tutal\u00e1ssal az Elad\u00f3 banksz\u00e1ml\u00e1j\u00e1ra (csak lengyel \u00fcgyfelek sz\u00e1m\u00e1ra)\n        <br\/>c.\n         Elektronikus fizet\u00e9s\n        <br\/>d.\n         Bankk\u00e1rty\u00e1s fizet\u00e9s\n        <\/li>&#13;\n<li>A kisz\u00e1ll\u00edt\u00e1si \u00e9s elfogadhat\u00f3 fizet\u00e9si m\u00f3dokra vonatkoz\u00f3 r\u00e9szletes inform\u00e1ci\u00f3k\n        <br\/>a Bolt  weboldalain \u00e9rhet\u0151k el.\n        <\/li>&#13;\n<li>A kisz\u00e1ll\u00edt\u00e1si k\u00f6lts\u00e9gek az \u00e1ru s\u00faly\u00e1t\u00f3l, a kisz\u00e1ll\u00edt\u00e1s orsz\u00e1g\u00e1t\u00f3l \u00e9s a megrendel\u00e9s \u00f6sszeg\u00e9t\u0151l f\u00fcggnek.\n         A kisz\u00e1ll\u00edt\u00e1s k\u00f6lts\u00e9ge a megrendel\u00e9si oldalon ker\u00fcl kisz\u00e1m\u00edt\u00e1sra.\n        <\/li>&#13;\n<\/ol>&#13;\n<p class=\"has-text-align-center\"><strong>9. \u00a7\n        <br\/>Az \u00e9rt\u00e9kes\u00edt\u00e9si szerz\u0151d\u00e9s teljes\u00edt\u00e9se\n        <\/strong><\/p>&#13;&#13;\n<ol class=\"wp-block-list\"><li>Az \u00c9rt\u00e9kes\u00edt\u00e9si Szerz\u0151d\u00e9s az \u00dcgyf\u00e9l \u00e9s az Elad\u00f3 k\u00f6z\u00f6tt azut\u00e1n k\u00f6ttetik meg, miut\u00e1n\n        <br\/>az \u00dcgyf\u00e9l megrendel\u00e9st adott fel az internetes Boltban a Megrendel\u00e9si nyomtatv\u00e1ny seg\u00edts\u00e9g\u00e9vel,\n        <br\/>a Szab\u00e1lyzat 7. \u00a7-a szerint.\n        <\/li>&#13;\n<li>Ha az \u00dcgyf\u00e9l:\n        <br\/>a.\n         a fizet\u00e9s \u00e1tutal\u00e1ssal, elektronikus fizet\u00e9s vagy bankk\u00e1rty\u00e1s fizet\u00e9s opci\u00f3t v\u00e1lasztotta, akkor k\u00f6teles\n        <br\/>a fizet\u00e9st az \u00c9rt\u00e9kes\u00edt\u00e9si Szerz\u0151d\u00e9s megk\u00f6t\u00e9s\u00e9t\u0151l sz\u00e1m\u00edtott 1 napt\u00e1ri napon bel\u00fcl teljes\u00edteni\n        <br\/>\u2013 ellenkez\u0151 esetben a megrendel\u00e9s t\u00f6rl\u00e9sre ker\u00fcl.\n        <br\/>b.\n         a fizet\u00e9s ut\u00e1nv\u00e9ttel, a k\u00fcldem\u00e9ny \u00e1tv\u00e9telekor opci\u00f3 v\u00e1laszt\u00e1sakor az \u00dcgyf\u00e9l k\u00f6teles a fizet\u00e9st\n        <br\/>a k\u00fcldem\u00e9ny \u00e1tv\u00e9telekor teljes\u00edteni.\n        <\/li>&#13;\n<li>A Term\u00e9k \u00dcgyf\u00e9lnek t\u00f6rt\u00e9n\u0151 lesz\u00e1ll\u00edt\u00e1sa hat\u00e1ridej\u00e9nek megny\u00edl\u00e1sa az al\u00e1bbi m\u00f3don sz\u00e1m\u00edtand\u00f3:\n        <br\/>a.\n         \u00c1tutal\u00e1ssal, elektronikus \u00faton vagy bankk\u00e1rty\u00e1s fizet\u00e9s eset\u00e9n\n        <br\/>&#8211; az Elad\u00f3 banksz\u00e1ml\u00e1j\u00e1n val\u00f3 j\u00f3v\u00e1\u00edr\u00e1s napj\u00e1t\u00f3l.\n        <br\/>b.\n         Ut\u00e1nv\u00e9ttel val\u00f3 fizet\u00e9s eset\u00e9n &#8211; az \u00c9rt\u00e9kes\u00edt\u00e9si  Szerz\u0151d\u00e9s\n        <br\/>megk\u00f6t\u00e9s\u00e9nek a napj\u00e1t\u00f3l.\n        <\/li>&#13;\n<li>A Term\u00e9k kisz\u00e1ll\u00edt\u00e1sa az Eur\u00f3pai Uni\u00f3 ter\u00fclet\u00e9n lehets\u00e9ges.\n         A kisz\u00e1ll\u00edt\u00e1sa d\u00edj felsz\u00e1m\u00edt\u00e1sa automatikusan megt\u00f6rt\u00e9nik, miut\u00e1n\n        <br\/>az \u00dcgyf\u00e9l kiv\u00e1lasztotta a kisz\u00e1ll\u00edt\u00e1s m\u00f3dj\u00e1t.\n        <\/li>&#13;\n<li>A Term\u00e9k k\u00fclf\u00f6ldi kisz\u00e1ll\u00edt\u00e1sa az Elad\u00f3val val\u00f3 kapcsolatfelv\u00e9tel \u00e9s a k\u00fcld\u00e9s k\u00f6lts\u00e9geinek a meghat\u00e1roz\u00e1sa\n        <br\/>ut\u00e1n lehets\u00e9ges.\n        <\/li>&#13;\n<\/ol>&#13;\n<p class=\"has-text-align-center\"><strong>10. \u00a7\n        <br\/>Jog a szerz\u0151d\u00e9st\u0151l val\u00f3 el\u00e1ll\u00e1sra\n        <\/strong><\/p>&#13;&#13;\n<ol class=\"wp-block-list\"><li>A Fogyaszt\u00f3 14 napon bel\u00fcl el\u00e1llhat az \u00c9rt\u00e9kes\u00edt\u00e9si  Szerz\u0151d\u00e9st\u0151l,\n        <br\/>b\u00e1rmif\u00e9le indokol\u00e1s n\u00e9lk\u00fcl.\n        <\/li>&#13;\n<li>Az 1. bek.-ben meghat\u00e1rozott hat\u00e1rid\u0151 megnyit\u00e1sa\n         a Term\u00e9k Fogyaszt\u00f3nak vagy \u00e1ltala megjel\u00f6lt egy\u00e9b szem\u00e9lynek (a sz\u00e1ll\u00edt\u00f3 kiv\u00e9tel\u00e9vel) val\u00f3\n        <br\/>kisz\u00e1ll\u00edt\u00e1s\u00e1val kezd\u0151dik.\n        <\/li>&#13;\n<li>A Fogyaszt\u00f3 akkor \u00e1llhat el a Szerz\u0151d\u00e9st\u0151l, ha az el\u00e1ll\u00e1sr\u00f3l nyilatkozatot ny\u00fajt be\n        <br\/>az Elad\u00f3nak.\n         A Szerz\u0151d\u00e9st\u0151l val\u00f3 el\u00e1ll\u00e1s hat\u00e1ridej\u00e9nek betart\u00e1s\u00e1hoz elegend\u0151, ha a Fogyaszt\u00f3 ennek\n        <br\/>lej\u00e1rta el\u0151tt elk\u00fcldi a nyilatkozatot.\n        <\/li>&#13;\n<li>A Szerz\u0151d\u00e9st\u0151l val\u00f3 el\u00e1ll\u00e1s k\u00f6vetkezm\u00e9nyei:\n        <br\/>a.\n         T\u00e1v\u00e9rt\u00e9kes\u00edt\u00e9si Szerz\u0151d\u00e9st\u0151l val\u00f3 el\u00e1ll\u00e1s eset\u00e9n a Szerz\u0151d\u00e9s meg nem k\u00f6t\u00f6ttnek tekintend\u0151.\n        <br\/>b.\n         Szerz\u0151d\u00e9st\u0151l val\u00f3 el\u00e1ll\u00e1s eset\u00e9n az Elad\u00f3 halad\u00e9ktalanul, legk\u00e9s\u0151bb a Fogyaszt\u00f3 el\u00e1ll\u00e1sr\u00f3l\n        <br\/>sz\u00f3l\u00f3 nyilatkozat\u00e1nak v\u00e9tel\u00e9t\u0151l sz\u00e1m\u00edtott 14 napon bel\u00fcl visszat\u00e9r\u00edti\n        <br\/>a fizet\u00e9st,\n        <br\/>c.\n         A fizet\u00e9s visszat\u00e9r\u00edt\u00e9s\u00e9t az Elad\u00f3 ugyanolyan m\u00f3don teljes\u00edti, amilyen m\u00f3dot a Fogyaszt\u00f3 haszn\u00e1lt\n        <br\/>az eredeti tranzakci\u00f3ban, hacsak a Fogyaszt\u00f3 vil\u00e1gosan bele nem egyezik egy olyan m\u00e1sik megold\u00e1sba,\n        <br\/>amely nem j\u00e1r sz\u00e1m\u00e1ra semmif\u00e9le k\u00f6lts\u00e9ggel.\n        <br\/>d.\n         Az Elad\u00f3 mindaddig visszatarthatja a fizet\u00e9s visszat\u00e9r\u00edt\u00e9s\u00e9t, am\u00edg a Term\u00e9ket\n        <br\/>vissza nem kapja.\n        <br\/>e.\n         A Fogyaszt\u00f3 k\u00f6teles halad\u00e9ktalanul, legk\u00e9s\u0151bb az  el\u00e1ll\u00e1sr\u00f3l sz\u00f3l\u00f3 \u00e9rtes\u00edt\u00e9s\u00e9t\u0151l sz\u00e1m\u00edtott 14 napon bel\u00fcl\n        <br\/>visszak\u00fcldeni a Term\u00e9ket az Elad\u00f3nak, a jelen Szab\u00e1lyzatban\n        <br\/>az Elad\u00f3nak.\n         A hat\u00e1rid\u0151 akkor tekintend\u0151 betartottnak, ha a Fogyaszt\u00f3 a 14 nap lej\u00e1rta el\u0151tt\n        <br\/>visszak\u00fcldi a Term\u00e9ket.\n        <br\/>f.\n         A Fogyaszt\u00f3 viseli a Term\u00e9k visszak\u00fcld\u00e9s\u00e9nek k\u00f6zvetlen k\u00f6lts\u00e9geit, ha jelleg\u00e9re val\u00f3 tekintettel\n        <br\/>nem lehet a Term\u00e9ket egyszer\u0171 postai \u00faton visszajuttatni.\n        <\/li>&#13;\n<li>A t\u00e1v\u00e9rt\u00e9kes\u00edt\u00e9si szerz\u0151d\u00e9st\u0151l val\u00f3 el\u00e1ll\u00e1s joga  nem illeti meg a Fogyaszt\u00f3t\n        <br\/>a Szerz\u0151d\u00e9s vonatkoz\u00e1s\u00e1ban, ha:\n        <br\/>a.\n         annak t\u00e1rgy\u00e1t kicsomagolt\u00e1k vagy haszn\u00e1lt\u00e1k,\n        <br\/>b.\n         annak t\u00e1rgy\u00e1t olyan term\u00e9k k\u00e9pezi, amelyet lepecs\u00e9telt csomagol\u00e1sban sz\u00e1ll\u00edtottak ki,\n        <br\/>\u00e9s amelyet a felbont\u00e1s ut\u00e1n eg\u00e9szs\u00e9gv\u00e9delmi vagy higi\u00e9n\u00e9s okokb\u00f3l nem lehet visszak\u00fcldeni,\n        <br\/>ha lesz\u00e1ll\u00edt\u00e1s ut\u00e1n megbontott\u00e1k a csomagol\u00e1st.\n        <\/li>&#13;\n<\/ol>&#13;\n<p class=\"has-text-align-center\"><strong>11. \u00a7\n        <br\/>Reklam\u00e1ci\u00f3 \u00e9s j\u00f3t\u00e1ll\u00e1s\n        <\/strong><\/p>&#13;&#13;\n<ol class=\"wp-block-list\"><li>Az \u00c9rt\u00e9kes\u00edt\u00e9si Szerz\u0151d\u00e9s a Term\u00e9kekre vonatkozik.\n        <\/li>&#13;\n<li>Az Elad\u00f3 k\u00f6teles az \u00dcgyf\u00e9lnek hib\u00e1tlan dolgot lesz\u00e1ll\u00edtani.\n        <\/li>&#13;\n<li>Ha az Elad\u00f3n\u00e1l v\u00e1s\u00e1rolt \u00e1ru meghib\u00e1sodik, akkor az \u00dcgyf\u00e9lnek joga van reklam\u00e1lnia\n        <br\/>a polg\u00e1ri t\u00f6rv\u00e9nyk\u00f6nyv szavatoss\u00e1gra vonatkoz\u00f3 jogszab\u00e1lyai alapj\u00e1n.\n        <\/li>&#13;\n<li>A reklam\u00e1ci\u00f3t elektronikus \u00faton kell bejelenteni az Elad\u00f3nak a jelen Szab\u00e1lyzatban megadott\n        <br\/>c\u00edm\u00e9re.\n        <\/li>&#13;\n<li>Javasoljuk, hogy a reklam\u00e1ci\u00f3 tartalmazza t\u00f6bbek k\u00f6z\u00f6tt\n         a hiba \u00e9s fell\u00e9p\u00e9se k\u00f6r\u00fclm\u00e9nyeinek (benne d\u00e1tum\u00e1nak) a t\u00f6m\u00f6r le\u00edr\u00e1s\u00e1t,\n        <br\/>tov\u00e1bb\u00e1 a reklam\u00e1ci\u00f3t bejelent\u0151 \u00dcgyf\u00e9l adatait.\n        <\/li>&#13;\n<li>Az Elad\u00f3 legk\u00e9s\u0151bb 14 napon bel\u00fcl megvizsg\u00e1lja a reklam\u00e1ci\u00f3s ig\u00e9nyt.\n        <\/li>&#13;\n<li>A reklam\u00e1ci\u00f3s elj\u00e1r\u00e1sban visszak\u00fcld\u00f6tt \u00e1rukat a jelen Szab\u00e1lyzat 3. \u00a7-ban megadott\n        <br\/>c\u00edmre kell eljuttatni.\n        <\/li>&#13;\n<\/ol>&#13;\n<p class=\"has-text-align-center\"><strong>12. \u00a7\n        <br\/>Szem\u00e9lyes adatok az internetes Boltban\n        <\/strong><\/p>&#13;&#13;\n<ol class=\"wp-block-list\"><li>Az \u00dcgyfelek Bolt k\u00f6zvet\u00edt\u00e9s\u00e9vel \u00f6sszegy\u0171jt\u00f6tt szem\u00e9lyes adatainak\n        <br\/>adatkezel\u0151je az Elad\u00f3.\n        <\/li>&#13;\n<li>Az \u00dcgyfeleknek az internetes Bolt k\u00f6zvet\u00edt\u00e9s\u00e9vel, az adatkezel\u0151 \u00e1ltal  \u00f6sszegy\u0171jt\u00f6tt szem\u00e9lyes adatai\n        <br\/>az \u00c9rt\u00e9kes\u00edt\u00e9si Szerz\u0151d\u00e9s teljes\u00edt\u00e9s\u00e9re, \u00e9s &#8211; ha az \u00dcgyf\u00e9l beleegyez\u00e9s\u00e9t adja &#8211; marketing c\u00e9lokra\n        <br\/>szolg\u00e1lnak.\n        <\/li>&#13;\n<li>Az internetes Bolt \u00dcgyfeleinek szem\u00e9lyes adatai az al\u00e1bbi \u00e1tvev\u0151knek adhat\u00f3k ki:\n        <br\/>a.\n         olyan \u00dcgyf\u00e9ln\u00e9l, aki az internetes Boltban az Inpost vagy fut\u00e1rpostai k\u00fcldem\u00e9ny-kisz\u00e1ll\u00edt\u00e1st veszi ig\u00e9nybe,\n        <br\/>az adatkezel\u0151 a kiv\u00e1lasztott sz\u00e1ll\u00edt\u00f3nak vagy a k\u00fcld\u00e9st az adatkezel\u0151 megb\u00edz\u00e1s\u00e1b\u00f3l teljes\u00edt\u0151 k\u00f6zvet\u00edt\u0151nek\n        <br\/>adhatja ki az \u00dcgyf\u00e9l \u00f6sszegy\u0171jt\u00f6tt szem\u00e9lyes adatait.\n        <br\/>b.\n         olyan \u00dcgyf\u00e9l eset\u00e9n, aki az internetes Boltban az elektronikus vagy bankk\u00e1rty\u00e1s fizet\u00e9si m\u00f3dot\n        <br\/>v\u00e1lasztja, az adatkezel\u0151 a fenti fizet\u00e9si m\u00f3dokat az internetes Boltban kiszolg\u00e1l\u00f3 kiv\u00e1lasztott alanynak\n        <br\/>adhatja ki az \u00dcgyf\u00e9l \u00f6sszegy\u0171jt\u00f6tt szem\u00e9lyes adatait.\n        <\/li>&#13;\n<li>Az \u00dcgyf\u00e9lnek joga van betekintenie a szem\u00e9lyes adataiba \u00e9s korrig\u00e1lnia azokat.\n        <\/li>&#13;\n<li>A szem\u00e9lyes adatok megad\u00e1sa \u00f6nk\u00e9ntes, de a Szab\u00e1lyzatban megjel\u00f6lt, az \u00c9rt\u00e9kes\u00edt\u00e9si Szerz\u0151d\u00e9s\n        <br\/>megk\u00f6t\u00e9s\u00e9hez sz\u00fcks\u00e9ges adatok meg nem ad\u00e1sa azzal j\u00e1r, hogy ez a Szerz\u0151d\u00e9s\n        <br\/>nem k\u00f6thet\u0151 meg.\n        <\/li>&#13;\n<\/ol>&#13;\n<p class=\"has-text-align-center\"><strong>13. \u00a7\n        <br\/>Z\u00e1r\u00f3 rendelkez\u00e9sek\n        <\/strong><\/p>&#13;&#13;\n<ol class=\"wp-block-list\"><li>A jelen szab\u00e1lyzatban nem szab\u00e1lyozott k\u00e9rd\u00e9sekben az \u00e1ltal\u00e1nosan \u00e9rv\u00e9nyes\n        <br\/>lengyel jogszab\u00e1lyok \u00e9s az Eur\u00f3pai Uni\u00f3 szab\u00e1lyoz\u00e1sai alkalmazand\u00f3k.\n        <\/li>&#13;\n<\/ol>","protected":false},"excerpt":{"rendered":"<p>&#13; Internetes bolt szab\u00e1lyzata &#13;&#13; 1.\u00a7 Bevezet\u0151 rendelkez\u00e9sek &#13;&#13; Az ugyanezen az internetes c\u00edmen el\u00e9rhet\u0151 rekawiczka24.pl internetes boltot &#13; a Iamelectric Sp. z o.o. vezeti, sz\u00e9khelye: Domaszczyn, ul. Wroc\u0142awska 65, Lengyelorsz\u00e1g &#13; NIP (ad\u00f3sz\u00e1m): 896-156-55-69 REGON (stat. azon.): 367615763, KRS (c\u00e9gjegyz\u00e9ksz\u00e1m): 0000683698. &#13; A jelen Szab\u00e1lyzat vonatkozik mind a boltot ig\u00e9nybe vev\u0151 Fogyaszt\u00f3kra, mind a [&#8230;]\n","protected":false},"author":7,"featured_media":0,"parent":0,"menu_order":0,"comment_status":"closed","ping_status":"closed","template":"","meta":{"inline_featured_image":false,"footnotes":""},"class_list":["post-3711","page","type-page","status-publish","hentry"],"yoast_head":"<!-- This site is optimized with the Yoast SEO plugin v24.7 - https:\/\/yoast.com\/wordpress\/plugins\/seo\/ -->\n<title>Szab\u00e1lyzat - R\u0118KAWICZKA24 - Hurtownia oraz sklep online z r\u0119kawiczkami (HDPE, winylowe), p\u0142ynami do dezynfekcji, przy\u0142bicami<\/title>\n<meta name=\"robots\" content=\"index, follow, max-snippet:-1, max-image-preview:large, max-video-preview:-1\" \/>\n<link rel=\"canonical\" href=\"https:\/\/rekawiczka24.pl\/hu\/szabalyzat\/\" \/>\n<meta property=\"og:locale\" content=\"hu_HU\" \/>\n<meta property=\"og:type\" content=\"article\" \/>\n<meta property=\"og:title\" content=\"Szab\u00e1lyzat - R\u0118KAWICZKA24 - Hurtownia oraz sklep online z r\u0119kawiczkami (HDPE, winylowe), p\u0142ynami do dezynfekcji, przy\u0142bicami\" \/>\n<meta property=\"og:description\" content=\"&#013; Internetes bolt szab\u00e1lyzata &#013;&#013; 1.\u00a7 Bevezet\u0151 rendelkez\u00e9sek &#013;&#013; Az ugyanezen az internetes c\u00edmen el\u00e9rhet\u0151 rekawiczka24.pl internetes boltot &#013; a Iamelectric Sp. z o.o. vezeti, sz\u00e9khelye: Domaszczyn, ul. Wroc\u0142awska 65, Lengyelorsz\u00e1g &#013; NIP (ad\u00f3sz\u00e1m): 896-156-55-69 REGON (stat. azon.): 367615763, KRS (c\u00e9gjegyz\u00e9ksz\u00e1m): 0000683698. &#013; A jelen Szab\u00e1lyzat vonatkozik mind a boltot ig\u00e9nybe vev\u0151 Fogyaszt\u00f3kra, mind a [...]\" \/>\n<meta property=\"og:url\" content=\"https:\/\/rekawiczka24.pl\/hu\/szabalyzat\/\" \/>\n<meta property=\"og:site_name\" content=\"R\u0118KAWICZKA24 - Hurtownia oraz sklep online z r\u0119kawiczkami (HDPE, winylowe), p\u0142ynami do dezynfekcji, przy\u0142bicami\" \/>\n<meta property=\"article:publisher\" content=\"https:\/\/www.facebook.com\/rekawiczka24\" \/>\n<meta property=\"article:modified_time\" content=\"2020-11-24T09:41:38+00:00\" \/>\n<meta property=\"og:image\" content=\"https:\/\/i0.wp.com\/rekawiczka24.pl\/wp-content\/uploads\/2020\/05\/rekawiczka24.png?fit=300%2C95&ssl=1\" \/>\n\t<meta property=\"og:image:width\" content=\"300\" \/>\n\t<meta property=\"og:image:height\" content=\"95\" \/>\n\t<meta property=\"og:image:type\" content=\"image\/png\" \/>\n<meta name=\"twitter:card\" content=\"summary_large_image\" \/>\n<meta name=\"twitter:label1\" content=\"Becs\u00fclt olvas\u00e1si id\u0151\" \/>\n\t<meta name=\"twitter:data1\" content=\"14 perc\" \/>\n<script type=\"application\/ld+json\" class=\"yoast-schema-graph\">{\"@context\":\"https:\/\/schema.org\",\"@graph\":[{\"@type\":\"WebPage\",\"@id\":\"https:\/\/rekawiczka24.pl\/hu\/szabalyzat\/\",\"url\":\"https:\/\/rekawiczka24.pl\/hu\/szabalyzat\/\",\"name\":\"Szab\u00e1lyzat - R\u0118KAWICZKA24 - Hurtownia oraz sklep online z r\u0119kawiczkami (HDPE, winylowe), p\u0142ynami do dezynfekcji, przy\u0142bicami\",\"isPartOf\":{\"@id\":\"https:\/\/rekawiczka24.pl\/hu\/#website\"},\"datePublished\":\"2020-11-20T14:34:53+00:00\",\"dateModified\":\"2020-11-24T09:41:38+00:00\",\"breadcrumb\":{\"@id\":\"https:\/\/rekawiczka24.pl\/hu\/szabalyzat\/#breadcrumb\"},\"inLanguage\":\"hu\",\"potentialAction\":[{\"@type\":\"ReadAction\",\"target\":[\"https:\/\/rekawiczka24.pl\/hu\/szabalyzat\/\"]}]},{\"@type\":\"BreadcrumbList\",\"@id\":\"https:\/\/rekawiczka24.pl\/hu\/szabalyzat\/#breadcrumb\",\"itemListElement\":[{\"@type\":\"ListItem\",\"position\":1,\"name\":\"Strona g\u0142\u00f3wna\",\"item\":\"https:\/\/rekawiczka24.pl\/hu\/\"},{\"@type\":\"ListItem\",\"position\":2,\"name\":\"Szab\u00e1lyzat\"}]},{\"@type\":\"WebSite\",\"@id\":\"https:\/\/rekawiczka24.pl\/hu\/#website\",\"url\":\"https:\/\/rekawiczka24.pl\/hu\/\",\"name\":\"R\u0118KAWICZKA24 - Hurtownia oraz sklep online z r\u0119kawiczkami (HDPE, winylowe), p\u0142ynami do dezynfekcji, przy\u0142bicami\",\"description\":\"\",\"publisher\":{\"@id\":\"https:\/\/rekawiczka24.pl\/hu\/#organization\"},\"potentialAction\":[{\"@type\":\"SearchAction\",\"target\":{\"@type\":\"EntryPoint\",\"urlTemplate\":\"https:\/\/rekawiczka24.pl\/hu\/?s={search_term_string}\"},\"query-input\":{\"@type\":\"PropertyValueSpecification\",\"valueRequired\":true,\"valueName\":\"search_term_string\"}}],\"inLanguage\":\"hu\"},{\"@type\":\"Organization\",\"@id\":\"https:\/\/rekawiczka24.pl\/hu\/#organization\",\"name\":\"R\u0119kawiczka24.pl\",\"url\":\"https:\/\/rekawiczka24.pl\/hu\/\",\"logo\":{\"@type\":\"ImageObject\",\"inLanguage\":\"hu\",\"@id\":\"https:\/\/rekawiczka24.pl\/hu\/#\/schema\/logo\/image\/\",\"url\":\"https:\/\/rekawiczka24.pl\/wp-content\/uploads\/2020\/05\/rekawiczka24.png\",\"contentUrl\":\"https:\/\/rekawiczka24.pl\/wp-content\/uploads\/2020\/05\/rekawiczka24.png\",\"width\":300,\"height\":95,\"caption\":\"R\u0119kawiczka24.pl\"},\"image\":{\"@id\":\"https:\/\/rekawiczka24.pl\/hu\/#\/schema\/logo\/image\/\"},\"sameAs\":[\"https:\/\/www.facebook.com\/rekawiczka24\"]}]}<\/script>\n<!-- \/ Yoast SEO plugin. -->","yoast_head_json":{"title":"Szab\u00e1lyzat - R\u0118KAWICZKA24 - Hurtownia oraz sklep online z r\u0119kawiczkami (HDPE, winylowe), p\u0142ynami do dezynfekcji, przy\u0142bicami","robots":{"index":"index","follow":"follow","max-snippet":"max-snippet:-1","max-image-preview":"max-image-preview:large","max-video-preview":"max-video-preview:-1"},"canonical":"https:\/\/rekawiczka24.pl\/hu\/szabalyzat\/","og_locale":"hu_HU","og_type":"article","og_title":"Szab\u00e1lyzat - R\u0118KAWICZKA24 - Hurtownia oraz sklep online z r\u0119kawiczkami (HDPE, winylowe), p\u0142ynami do dezynfekcji, przy\u0142bicami","og_description":"&#13; Internetes bolt szab\u00e1lyzata &#13;&#13; 1.\u00a7 Bevezet\u0151 rendelkez\u00e9sek &#13;&#13; Az ugyanezen az internetes c\u00edmen el\u00e9rhet\u0151 rekawiczka24.pl internetes boltot &#13; a Iamelectric Sp. z o.o. vezeti, sz\u00e9khelye: Domaszczyn, ul. Wroc\u0142awska 65, Lengyelorsz\u00e1g &#13; NIP (ad\u00f3sz\u00e1m): 896-156-55-69 REGON (stat. azon.): 367615763, KRS (c\u00e9gjegyz\u00e9ksz\u00e1m): 0000683698. &#13; A jelen Szab\u00e1lyzat vonatkozik mind a boltot ig\u00e9nybe vev\u0151 Fogyaszt\u00f3kra, mind a [...]","og_url":"https:\/\/rekawiczka24.pl\/hu\/szabalyzat\/","og_site_name":"R\u0118KAWICZKA24 - Hurtownia oraz sklep online z r\u0119kawiczkami (HDPE, winylowe), p\u0142ynami do dezynfekcji, przy\u0142bicami","article_publisher":"https:\/\/www.facebook.com\/rekawiczka24","article_modified_time":"2020-11-24T09:41:38+00:00","og_image":[{"width":300,"height":95,"url":"https:\/\/i0.wp.com\/rekawiczka24.pl\/wp-content\/uploads\/2020\/05\/rekawiczka24.png?fit=300%2C95&ssl=1","type":"image\/png"}],"twitter_card":"summary_large_image","twitter_misc":{"Becs\u00fclt olvas\u00e1si id\u0151":"14 perc"},"schema":{"@context":"https:\/\/schema.org","@graph":[{"@type":"WebPage","@id":"https:\/\/rekawiczka24.pl\/hu\/szabalyzat\/","url":"https:\/\/rekawiczka24.pl\/hu\/szabalyzat\/","name":"Szab\u00e1lyzat - R\u0118KAWICZKA24 - Hurtownia oraz sklep online z r\u0119kawiczkami (HDPE, winylowe), p\u0142ynami do dezynfekcji, przy\u0142bicami","isPartOf":{"@id":"https:\/\/rekawiczka24.pl\/hu\/#website"},"datePublished":"2020-11-20T14:34:53+00:00","dateModified":"2020-11-24T09:41:38+00:00","breadcrumb":{"@id":"https:\/\/rekawiczka24.pl\/hu\/szabalyzat\/#breadcrumb"},"inLanguage":"hu","potentialAction":[{"@type":"ReadAction","target":["https:\/\/rekawiczka24.pl\/hu\/szabalyzat\/"]}]},{"@type":"BreadcrumbList","@id":"https:\/\/rekawiczka24.pl\/hu\/szabalyzat\/#breadcrumb","itemListElement":[{"@type":"ListItem","position":1,"name":"Strona g\u0142\u00f3wna","item":"https:\/\/rekawiczka24.pl\/hu\/"},{"@type":"ListItem","position":2,"name":"Szab\u00e1lyzat"}]},{"@type":"WebSite","@id":"https:\/\/rekawiczka24.pl\/hu\/#website","url":"https:\/\/rekawiczka24.pl\/hu\/","name":"R\u0118KAWICZKA24 - Hurtownia oraz sklep online z r\u0119kawiczkami (HDPE, winylowe), p\u0142ynami do dezynfekcji, przy\u0142bicami","description":"","publisher":{"@id":"https:\/\/rekawiczka24.pl\/hu\/#organization"},"potentialAction":[{"@type":"SearchAction","target":{"@type":"EntryPoint","urlTemplate":"https:\/\/rekawiczka24.pl\/hu\/?s={search_term_string}"},"query-input":{"@type":"PropertyValueSpecification","valueRequired":true,"valueName":"search_term_string"}}],"inLanguage":"hu"},{"@type":"Organization","@id":"https:\/\/rekawiczka24.pl\/hu\/#organization","name":"R\u0119kawiczka24.pl","url":"https:\/\/rekawiczka24.pl\/hu\/","logo":{"@type":"ImageObject","inLanguage":"hu","@id":"https:\/\/rekawiczka24.pl\/hu\/#\/schema\/logo\/image\/","url":"https:\/\/rekawiczka24.pl\/wp-content\/uploads\/2020\/05\/rekawiczka24.png","contentUrl":"https:\/\/rekawiczka24.pl\/wp-content\/uploads\/2020\/05\/rekawiczka24.png","width":300,"height":95,"caption":"R\u0119kawiczka24.pl"},"image":{"@id":"https:\/\/rekawiczka24.pl\/hu\/#\/schema\/logo\/image\/"},"sameAs":["https:\/\/www.facebook.com\/rekawiczka24"]}]}},"jetpack_sharing_enabled":true,"_links":{"self":[{"href":"https:\/\/rekawiczka24.pl\/hu\/wp-json\/wp\/v2\/pages\/3711","targetHints":{"allow":["GET"]}}],"collection":[{"href":"https:\/\/rekawiczka24.pl\/hu\/wp-json\/wp\/v2\/pages"}],"about":[{"href":"https:\/\/rekawiczka24.pl\/hu\/wp-json\/wp\/v2\/types\/page"}],"author":[{"embeddable":true,"href":"https:\/\/rekawiczka24.pl\/hu\/wp-json\/wp\/v2\/users\/7"}],"replies":[{"embeddable":true,"href":"https:\/\/rekawiczka24.pl\/hu\/wp-json\/wp\/v2\/comments?post=3711"}],"version-history":[{"count":3,"href":"https:\/\/rekawiczka24.pl\/hu\/wp-json\/wp\/v2\/pages\/3711\/revisions"}],"predecessor-version":[{"id":3972,"href":"https:\/\/rekawiczka24.pl\/hu\/wp-json\/wp\/v2\/pages\/3711\/revisions\/3972"}],"wp:attachment":[{"href":"https:\/\/rekawiczka24.pl\/hu\/wp-json\/wp\/v2\/media?parent=3711"}],"curies":[{"name":"wp","href":"https:\/\/api.w.org\/{rel}","templated":true}]}}